{"id":59,"date":"2014-12-17T12:11:11","date_gmt":"2014-12-17T12:11:11","guid":{"rendered":"http:\/\/demo.semcona.de\/?page_id=59"},"modified":"2025-03-07T10:59:56","modified_gmt":"2025-03-07T09:59:56","slug":"unsere-prinzengarde","status":"publish","type":"page","link":"https:\/\/konfetti-badmuskau.de\/1\/unser-verein\/unsere-prinzengarde\/","title":{"rendered":"Unsere Prinzengarde"},"content":{"rendered":"<p>[et_pb_section fb_built=&#8220;1&#8243; next_background_color=&#8220;#ffffff&#8220; _builder_version=&#8220;4.27.4&#8243; _module_preset=&#8220;default&#8220; background_color=&#8220;#efefef&#8220; bottom_divider_style=&#8220;waves2&#8243; bottom_divider_height=&#8220;50px&#8220; global_colors_info=&#8220;{}&#8220;][et_pb_row _builder_version=&#8220;4.27.4&#8243; _module_preset=&#8220;default&#8220; global_colors_info=&#8220;{}&#8220;][et_pb_column type=&#8220;4_4&#8243; _builder_version=&#8220;4.27.4&#8243; _module_preset=&#8220;default&#8220; global_colors_info=&#8220;{}&#8220;][et_pb_text _builder_version=&#8220;4.27.4&#8243; _module_preset=&#8220;default&#8220; text_orientation=&#8220;center&#8220; global_colors_info=&#8220;{}&#8220;]<\/p>\n<h1>Unsere Prinzengarde<\/h1>\n<p>[\/et_pb_text][\/et_pb_column][\/et_pb_row][\/et_pb_section][et_pb_section fb_built=&#8220;1&#8243; _builder_version=&#8220;4.27.4&#8243; background_enable_color=&#8220;off&#8220; bottom_divider_height=&#8220;50px&#8220; global_colors_info=&#8220;{}&#8220;][et_pb_row _builder_version=&#8220;4.27.4&#8243; _module_preset=&#8220;default&#8220; global_colors_info=&#8220;{}&#8220;][et_pb_column type=&#8220;4_4&#8243; _builder_version=&#8220;4.27.4&#8243; _module_preset=&#8220;default&#8220; global_colors_info=&#8220;{}&#8220;][et_pb_code _builder_version=&#8220;4.27.4&#8243; _module_preset=&#8220;default&#8220; global_colors_info=&#8220;{}&#8220;]<span><span><a href=\"https:\/\/konfetti-badmuskau.de\/1\/\"><span class=\"nav-icon\"><\/span><\/a><\/span><\/span>[\/et_pb_code][\/et_pb_column][\/et_pb_row][et_pb_row _builder_version=&#8220;4.27.4&#8243; _module_preset=&#8220;default&#8220; global_colors_info=&#8220;{}&#8220;][et_pb_column type=&#8220;4_4&#8243; _builder_version=&#8220;4.27.4&#8243; _module_preset=&#8220;default&#8220; global_colors_info=&#8220;{}&#8220;][et_pb_text _builder_version=&#8220;4.27.4&#8243; _module_preset=&#8220;default&#8220; global_colors_info=&#8220;{}&#8220;]<\/p>\n<h2>Die Prinzengarde des Elferrat Bad Muskau e.V.<\/h2>\n<p>&nbsp;<\/p>\n<p style=\"font-weight: 400;\">Die Prinzengarde des Vereins besteht derzeit aus 14 M\u00e4dchen im Alter von 13 bis 17 Jahren.<br \/>Ihr t\u00e4nzerisches K\u00f6nnen zeigen sie mit einem Gardetanz gemeinsam mit der Funkengarde und einem, zum Thema der aktuellen Saison passenden Showtanz. Die T\u00e4nze werden mit reichlich Spa\u00df, aber auch viel Flei\u00df au\u00dferhalb der 5. Jahreszeit einstudiert.<\/p>\n<p style=\"font-weight: 400;\">Seit bereits 5 Jahren k\u00fcmmern sich Trainerin Jessica Finke und Trainer Daniel Finke nicht nur um Kost\u00fcme, Musik und Choreografie der T\u00e4nze, sondern begleiten ihre Sch\u00fctzlinge mit Rat und Tat und schaffen es mit viel Einf\u00fchlungsverm\u00f6gen, immer das Beste aus den jungen M\u00e4dchen rauszukitzeln.<\/p>\n<p style=\"font-weight: 400;\">Unsere \u201eJunis\u201c durften sich auch \u00fcber Auftritte beim Bad Muskauer Sommer- und Adventsfest sowie bei Familienfeiern freuen, sodass ihr t\u00e4nzerisches K\u00f6nnen auch au\u00dferhalb der karnevalistischen Hoch-Zeit bestaunt werden kann. Aber auch bei Umz\u00fcgen der Region sind die M\u00e4dchen gemeinsam mit dem Elferrat und der Funkengarde gern gesehene G\u00e4ste.<\/p>\n<p>[\/et_pb_text][et_pb_image src=&#8220;https:\/\/konfetti-badmuskau.de\/1\/wp-content\/uploads\/2025\/02\/Prinzengarde-2025.jpg&#8220; title_text=&#8220;Prinzengarde-2025&#8243; _builder_version=&#8220;4.27.4&#8243; _module_preset=&#8220;default&#8220; global_colors_info=&#8220;{}&#8220;][\/et_pb_image][\/et_pb_column][\/et_pb_row][et_pb_row _builder_version=&#8220;4.27.4&#8243; _module_preset=&#8220;default&#8220; global_colors_info=&#8220;{}&#8220;][et_pb_column type=&#8220;4_4&#8243; _builder_version=&#8220;4.27.4&#8243; _module_preset=&#8220;default&#8220; global_colors_info=&#8220;{}&#8220;][et_pb_image alt=&#8220;Kinderfunken Elferrat Bad Muskau EBM&#8220; title_text=&#8220;DSCF4534&#8243; _builder_version=&#8220;4.27.4&#8243; _module_preset=&#8220;default&#8220; global_colors_info=&#8220;{}&#8220;][\/et_pb_image][\/et_pb_column][\/et_pb_row][\/et_pb_section]<\/p>\n","protected":false},"excerpt":{"rendered":"<p>Unsere Prinzengarde<span><span><a href=\"https:\/\/konfetti-badmuskau.de\/1\/\"><span class=\"nav-icon\"><\/span><\/a><\/span><\/span>Die Prinzengarde des Elferrat Bad Muskau e.V. &nbsp; Die Prinzengarde des Vereins besteht derzeit aus 14 M\u00e4dchen im Alter von 13 bis 17 Jahren.Ihr t\u00e4nzerisches K\u00f6nnen zeigen sie mit einem Gardetanz gemeinsam mit der Funkengarde und einem, zum Thema der aktuellen Saison passenden Showtanz. Die T\u00e4nze werden mit reichlich Spa\u00df, aber auch viel Flei\u00df [&hellip;]<\/p>\n","protected":false},"author":1,"featured_media":0,"parent":16,"menu_order":1,"comment_status":"closed","ping_status":"closed","template":"","meta":{"_et_pb_use_builder":"on","_et_pb_old_content":"Die Prinzengarde des Vereins besteht derzeit aus 15 M\u00e4dchen im Alter von 13 bis 18 Jahren.\r\nIhr K\u00f6nnen zeigen sie mit einem Gardetanz und einem passenden Showtanz, zum Thema der aktuellen Saison. Die T\u00e4nze werden mit reichlich Spa\u00df, aber auch viel Flei\u00df au\u00dferhalb der 5. Jahreszeit einstudiert.\r\nSeit bereits 3 Jahren k\u00fcmmern sich die Trainer Jessica Finke und Daniel Finke nicht nur um Kost\u00fcme, Musik und Choreografie der T\u00e4nze, sondern begleiten ihre Sch\u00fctzlinge mit Rat und Tat und schaffen es mit viel Einf\u00fchlungsverm\u00f6gen immer das Beste aus den jungen M\u00e4dchen raus zu kitzeln.\r\nUnsere \"Junis\" durften sich auch \u00fcber Auftritte beim Bad Muskauer Stadt- oder Adventsfest sowie bei Familienfeiern freuen, sodass ihr t\u00e4nzerisches K\u00f6nnen auch abseits der karnevalistischen Hoch-Zeit bestaunt werden kann.\r\n\r\n<a href=\"https:\/\/konfetti-badmuskau.de\/1\/wp-content\/uploads\/2023\/02\/DSCF4534.jpg\"><img class=\" wp-image-7645 aligncenter\" src=\"https:\/\/konfetti-badmuskau.de\/1\/wp-content\/uploads\/2023\/02\/DSCF4534-300x200.jpg\" alt=\"\" width=\"566\" height=\"377\" \/><\/a>","_et_gb_content_width":"","footnotes":""},"folder":[407],"class_list":["post-59","page","type-page","status-publish","hentry"],"_links":{"self":[{"href":"https:\/\/konfetti-badmuskau.de\/1\/wp-json\/wp\/v2\/pages\/59","targetHints":{"allow":["GET"]}}],"collection":[{"href":"https:\/\/konfetti-badmuskau.de\/1\/wp-json\/wp\/v2\/pages"}],"about":[{"href":"https:\/\/konfetti-badmuskau.de\/1\/wp-json\/wp\/v2\/types\/page"}],"author":[{"embeddable":true,"href":"https:\/\/konfetti-badmuskau.de\/1\/wp-json\/wp\/v2\/users\/1"}],"replies":[{"embeddable":true,"href":"https:\/\/konfetti-badmuskau.de\/1\/wp-json\/wp\/v2\/comments?post=59"}],"version-history":[{"count":30,"href":"https:\/\/konfetti-badmuskau.de\/1\/wp-json\/wp\/v2\/pages\/59\/revisions"}],"predecessor-version":[{"id":12131,"href":"https:\/\/konfetti-badmuskau.de\/1\/wp-json\/wp\/v2\/pages\/59\/revisions\/12131"}],"up":[{"embeddable":true,"href":"https:\/\/konfetti-badmuskau.de\/1\/wp-json\/wp\/v2\/pages\/16"}],"wp:attachment":[{"href":"https:\/\/konfetti-badmuskau.de\/1\/wp-json\/wp\/v2\/media?parent=59"}],"wp:term":[{"taxonomy":"folder","embeddable":true,"href":"https:\/\/konfetti-badmuskau.de\/1\/wp-json\/wp\/v2\/folder?post=59"}],"curies":[{"name":"wp","href":"https:\/\/api.w.org\/{rel}","templated":true}]}}